{"id":634,"date":"2024-02-26T13:11:20","date_gmt":"2024-02-26T12:11:20","guid":{"rendered":"https:\/\/geced.org\/?page_id=634"},"modified":"2026-02-18T11:22:11","modified_gmt":"2026-02-18T10:22:11","slug":"actualite-geced","status":"publish","type":"page","link":"https:\/\/geced.org\/en\/actualite-geced\/","title":{"rendered":"Actualit\u00e9 geced"},"content":{"rendered":"<div class=\"wp-block-group alignfull gutenify-section-61ba0e60-d4b0-11ee-b8d3-994c196d88e1 is-layout-flow wp-block-group-is-layout-flow gtfy-30\">\n<div class=\"wp-block-group alignfull gutenify-section-c51f9ce0-d4b0-11ee-b8d3-994c196d88e1 is-layout-constrained wp-container-core-group-is-layout-6c4588c4 wp-block-group-is-layout-constrained gtfy-11\" style=\"padding-top:80px;padding-right:30px;padding-bottom:80px;padding-left:30px\">\n<div class=\"wp-block-group alignwide gutenify-section-c4ff43a0-d4b0-11ee-b8d3-994c196d88e1 is-layout-constrained wp-container-core-group-is-layout-c512ed68 wp-block-group-is-layout-constrained gtfy-10\" style=\"padding-bottom:30px\">\n<div class=\"wp-block-group alignwide gutenify-section-c4fbe840-d4b0-11ee-b8d3-994c196d88e1 is-content-justification-space-between is-nowrap is-layout-flex wp-container-core-group-is-layout-141ee2fc wp-block-group-is-layout-flex gtfy-9\" style=\"padding-top:0px;padding-right:0px;padding-bottom:0px;padding-left:0px\">\n<div class=\"wp-block-group gutenify-section-c4f2c080-d4b0-11ee-b8d3-994c196d88e1 is-layout-constrained wp-container-core-group-is-layout-d794d2f0 wp-block-group-is-layout-constrained gtfy-6\" style=\"padding-top:0px;padding-right:0px;padding-bottom:0px;padding-left:0px\">\n<p class=\"has-text-align-left animated animated-fadeInUp gutenify-section-c4eec8e0-d4b0-11ee-b8d3-994c196d88e1 has-primary-color has-text-color gtfy-4\" style=\"letter-spacing:4px\">NEWS<\/p>\n\n\n\n<h2 class=\"wp-block-heading has-text-align-left animated animated-fadeInUp gutenify-section-c4f0ebc0-d4b0-11ee-b8d3-994c196d88e1 has-huge-font-size gtfy-5\" style=\"margin-bottom:0px\">Our News<\/h2>\n<\/div>\n\n\n\n<div class=\"wp-block-buttons animated animated-fadeInUp gutenify-section-c4f817b0-d4b0-11ee-b8d3-994c196d88e1 is-content-justification-left is-layout-flex wp-container-core-buttons-is-layout-74e76067 wp-block-buttons-is-layout-flex gtfy-8\" style=\"margin-top:20px;margin-bottom:20px\"><\/div>\n<\/div>\n<\/div>\n<\/div>\n\n\n\n\t\t\t<div class=\"wp-block-uagb-post-carousel uagb-post-grid  uagb-post__image-position-top uagb-post__image-enabled uagb-block-2508fc1a     uagb-post__arrow-outside uagb-slick-carousel uagb-post__items uagb-post__columns-2 is-carousel uagb-post__columns-tablet-2 uagb-post__columns-mobile-1 gtfy-12\" data-total=\"4\" style=\"\">\n\n\t\t\t\t\t\t\t\t\t\t\t\t<article class=\"uagb-post__inner-wrap\">\t\t\t\t\t\t\t\t<div class='uagb-post__image'>\n\t\t\t\t\t\t\t\t\t<a href=\"https:\/\/geced.org\/en\/renforcement-des-capacites-sur-les-fondamentaux-de-lapproche-genre-long-alliance-civ-poursuit-son-engagement-pour-lintegration-durable-du-genre\/\" target=\"_self\" rel=\"bookmark noopener noreferrer\"><img loading=\"lazy\" decoding=\"async\" width=\"1024\" height=\"533\" src=\"https:\/\/geced.org\/wp-content\/uploads\/2026\/03\/WhatsApp-Image-2026-03-02-at-08.21.09-1024x533.jpeg\" class=\"attachment-large size-large\" alt=\"\" srcset=\"https:\/\/geced.org\/wp-content\/uploads\/2026\/03\/WhatsApp-Image-2026-03-02-at-08.21.09-1024x533.jpeg 1024w, https:\/\/geced.org\/wp-content\/uploads\/2026\/03\/WhatsApp-Image-2026-03-02-at-08.21.09-300x156.jpeg 300w, https:\/\/geced.org\/wp-content\/uploads\/2026\/03\/WhatsApp-Image-2026-03-02-at-08.21.09-768x400.jpeg 768w, https:\/\/geced.org\/wp-content\/uploads\/2026\/03\/WhatsApp-Image-2026-03-02-at-08.21.09-18x9.jpeg 18w, https:\/\/geced.org\/wp-content\/uploads\/2026\/03\/WhatsApp-Image-2026-03-02-at-08.21.09.jpeg 1080w\" sizes=\"auto, (max-width: 1024px) 100vw, 1024px\" \/>\t\t\t\t\t<\/a>\n\t\t\t\t\t\t\t\t\t<\/div>\n\t\t\t\t\t\t<h4 class=\"uagb-post__title uagb-post__text\">\n\t\t\t\t<a href=\"https:\/\/geced.org\/en\/renforcement-des-capacites-sur-les-fondamentaux-de-lapproche-genre-long-alliance-civ-poursuit-son-engagement-pour-lintegration-durable-du-genre\/\" target=\"_self\" rel=\"bookmark noopener noreferrer\">Renforcement des capacit\u00e9s sur les fondamentaux de l\u2019approche genre : l\u2019ONG Alliance CIV poursuit son engagement pour l\u2019int\u00e9gration durable du genre<\/a>\n\t\t\t<\/h4>\n\t\t\t\t\t\t<div class='uagb-post__text uagb-post-grid-byline'>\n\t\t\t\t\t\t\t\t<time datetime=\"2026-03-02T15:28:32+01:00\" class=\"uagb-post__date\">\n\t\t\t\t<span class=\"dashicons-calendar dashicons\"><\/span>\t\t\t\t\t2 March 2026\t\t\t\t<\/time>\n\t\t\t\t\t\t\t<span class=\"uagb-post__comment\">\n\t\t\t\t<span class=\"dashicons-admin-comments dashicons\"><\/span>\t\t\t\t\tNo Comments\t\t\t\t<\/span>\n\t\t\t\t\t\t<\/div>\n\t\t\t\t\t\t\t<div class='uagb-post__text uagb-post__excerpt'>\n\t\t\t\t\t<p>Le mardi 24 f\u00e9vrier 2026, le Cabinet Genre, Comp\u00e9titivit\u00e9 des Entreprises et D\u00e9veloppement durable (cabinet&#8230;\t\t\t\t<\/div>\n\t\t\t\t\t\t<div class=\"uagb-post__text uagb-post__cta wp-block-button\">\n\t\t\t\t<a class=\"wp-block-button__link uagb-text-link\" style=\"\" href=\"https:\/\/geced.org\/en\/renforcement-des-capacites-sur-les-fondamentaux-de-lapproche-genre-long-alliance-civ-poursuit-son-engagement-pour-lintegration-durable-du-genre\/\" target=\"_self\" rel=\"bookmark noopener noreferrer\">Read More<\/a>\n\t\t\t<\/div>\n\t\t\t\n\t\t\t\t\t\t\t\t\t<\/article>\n\t\t\t\t\t\t\t\t\t\t\t\t\t\t\t\t<article class=\"uagb-post__inner-wrap\">\t\t\t\t\t\t\t\t<div class='uagb-post__image'>\n\t\t\t\t\t\t\t\t\t<a href=\"https:\/\/geced.org\/en\/la-fig-un-accelerateur-de-carriere-confirme-par-des-trajectoires-dexcellence\/\" target=\"_self\" rel=\"bookmark noopener noreferrer\"><img loading=\"lazy\" decoding=\"async\" width=\"720\" height=\"404\" src=\"https:\/\/geced.org\/wp-content\/uploads\/2026\/02\/webinaire.png\" class=\"attachment-large size-large\" alt=\"\" srcset=\"https:\/\/geced.org\/wp-content\/uploads\/2026\/02\/webinaire.png 720w, https:\/\/geced.org\/wp-content\/uploads\/2026\/02\/webinaire-300x168.png 300w, https:\/\/geced.org\/wp-content\/uploads\/2026\/02\/webinaire-18x10.png 18w\" sizes=\"auto, (max-width: 720px) 100vw, 720px\" \/>\t\t\t\t\t<\/a>\n\t\t\t\t\t\t\t\t\t<\/div>\n\t\t\t\t\t\t<h4 class=\"uagb-post__title uagb-post__text\">\n\t\t\t\t<a href=\"https:\/\/geced.org\/en\/la-fig-un-accelerateur-de-carriere-confirme-par-des-trajectoires-dexcellence\/\" target=\"_self\" rel=\"bookmark noopener noreferrer\">La FIG : un acc\u00e9l\u00e9rateur de carri\u00e8re confirm\u00e9 par des trajectoires d\u2019excellence<\/a>\n\t\t\t<\/h4>\n\t\t\t\t\t\t<div class='uagb-post__text uagb-post-grid-byline'>\n\t\t\t\t\t\t\t\t<time datetime=\"2026-02-17T17:27:06+01:00\" class=\"uagb-post__date\">\n\t\t\t\t<span class=\"dashicons-calendar dashicons\"><\/span>\t\t\t\t\t17 February 2026\t\t\t\t<\/time>\n\t\t\t\t\t\t\t<span class=\"uagb-post__comment\">\n\t\t\t\t<span class=\"dashicons-admin-comments dashicons\"><\/span>\t\t\t\t\tNo Comments\t\t\t\t<\/span>\n\t\t\t\t\t\t<\/div>\n\t\t\t\t\t\t\t<div class='uagb-post__text uagb-post__excerpt'>\n\t\t\t\t\t<p>876 connexions.290 participant\u00b7e\u00b7s pr\u00e9sent\u00b7e\u00b7s du d\u00e9but \u00e0 la fin.Ces chiffres refl\u00e8tent l\u2019int\u00e9r\u00eat grandissant pour les&#8230;\t\t\t\t<\/div>\n\t\t\t\t\t\t<div class=\"uagb-post__text uagb-post__cta wp-block-button\">\n\t\t\t\t<a class=\"wp-block-button__link uagb-text-link\" style=\"\" href=\"https:\/\/geced.org\/en\/la-fig-un-accelerateur-de-carriere-confirme-par-des-trajectoires-dexcellence\/\" target=\"_self\" rel=\"bookmark noopener noreferrer\">Read More<\/a>\n\t\t\t<\/div>\n\t\t\t\n\t\t\t\t\t\t\t\t\t<\/article>\n\t\t\t\t\t\t\t\t\t\t\t\t\t\t\t\t<article class=\"uagb-post__inner-wrap\">\t\t\t\t\t\t\t\t<div class='uagb-post__image'>\n\t\t\t\t\t\t\t\t\t<a href=\"https:\/\/geced.org\/en\/la-cnps-trace-la-voie-de-linnovation-manageriale-et-de-legalite-des-chances-entre-les-hommes-et-les-femmes\/\" target=\"_self\" rel=\"bookmark noopener noreferrer\"><img loading=\"lazy\" decoding=\"async\" width=\"1024\" height=\"682\" src=\"https:\/\/geced.org\/wp-content\/uploads\/2025\/08\/cnps1-1024x682.jpg\" class=\"attachment-large size-large\" alt=\"\" srcset=\"https:\/\/geced.org\/wp-content\/uploads\/2025\/08\/cnps1-1024x682.jpg 1024w, https:\/\/geced.org\/wp-content\/uploads\/2025\/08\/cnps1-300x200.jpg 300w, https:\/\/geced.org\/wp-content\/uploads\/2025\/08\/cnps1-768x511.jpg 768w, https:\/\/geced.org\/wp-content\/uploads\/2025\/08\/cnps1-18x12.jpg 18w, https:\/\/geced.org\/wp-content\/uploads\/2025\/08\/cnps1.jpg 1080w\" sizes=\"auto, (max-width: 1024px) 100vw, 1024px\" \/>\t\t\t\t\t<\/a>\n\t\t\t\t\t\t\t\t\t<\/div>\n\t\t\t\t\t\t<h4 class=\"uagb-post__title uagb-post__text\">\n\t\t\t\t<a href=\"https:\/\/geced.org\/en\/la-cnps-trace-la-voie-de-linnovation-manageriale-et-de-legalite-des-chances-entre-les-hommes-et-les-femmes\/\" target=\"_self\" rel=\"bookmark noopener noreferrer\">La CNPS trace la voie de l\u2019innovation manag\u00e9riale et de l\u2019\u00e9galit\u00e9 des chances entre les hommes et les femmes<\/a>\n\t\t\t<\/h4>\n\t\t\t\t\t\t<div class='uagb-post__text uagb-post-grid-byline'>\n\t\t\t\t\t\t\t\t<time datetime=\"2025-08-08T10:38:11+02:00\" class=\"uagb-post__date\">\n\t\t\t\t<span class=\"dashicons-calendar dashicons\"><\/span>\t\t\t\t\t8 August 2025\t\t\t\t<\/time>\n\t\t\t\t\t\t\t<span class=\"uagb-post__comment\">\n\t\t\t\t<span class=\"dashicons-admin-comments dashicons\"><\/span>\t\t\t\t\tNo Comments\t\t\t\t<\/span>\n\t\t\t\t\t\t<\/div>\n\t\t\t\t\t\t\t<div class='uagb-post__text uagb-post__excerpt'>\n\t\t\t\t\t<p>Depuis le 25 juin 2024, la CNPS (Caisse Nationale de Pr\u00e9voyance Sociale) est la premi\u00e8re&#8230;\t\t\t\t<\/div>\n\t\t\t\t\t\t<div class=\"uagb-post__text uagb-post__cta wp-block-button\">\n\t\t\t\t<a class=\"wp-block-button__link uagb-text-link\" style=\"\" href=\"https:\/\/geced.org\/en\/la-cnps-trace-la-voie-de-linnovation-manageriale-et-de-legalite-des-chances-entre-les-hommes-et-les-femmes\/\" target=\"_self\" rel=\"bookmark noopener noreferrer\">Read More<\/a>\n\t\t\t<\/div>\n\t\t\t\n\t\t\t\t\t\t\t\t\t<\/article>\n\t\t\t\t\t\t\t\t\t\t\t\t\t\t\t\t<article class=\"uagb-post__inner-wrap\">\t\t\t\t\t\t\t\t<div class='uagb-post__image'>\n\t\t\t\t\t\t\t\t\t<a href=\"https:\/\/geced.org\/en\/article-le-cabinet-geced-au-coeur-du-lancement-du-reseau-mondial-adwin\/\" target=\"_self\" rel=\"bookmark noopener noreferrer\"><img loading=\"lazy\" decoding=\"async\" width=\"1024\" height=\"682\" src=\"https:\/\/geced.org\/wp-content\/uploads\/2025\/06\/WhatsApp-Image-2025-06-11-at-17.21.54-1024x682.jpeg\" class=\"attachment-large size-large\" alt=\"\" srcset=\"https:\/\/geced.org\/wp-content\/uploads\/2025\/06\/WhatsApp-Image-2025-06-11-at-17.21.54-1024x682.jpeg 1024w, https:\/\/geced.org\/wp-content\/uploads\/2025\/06\/WhatsApp-Image-2025-06-11-at-17.21.54-300x200.jpeg 300w, https:\/\/geced.org\/wp-content\/uploads\/2025\/06\/WhatsApp-Image-2025-06-11-at-17.21.54-768x511.jpeg 768w, https:\/\/geced.org\/wp-content\/uploads\/2025\/06\/WhatsApp-Image-2025-06-11-at-17.21.54-18x12.jpeg 18w, https:\/\/geced.org\/wp-content\/uploads\/2025\/06\/WhatsApp-Image-2025-06-11-at-17.21.54.jpeg 1080w\" sizes=\"auto, (max-width: 1024px) 100vw, 1024px\" \/>\t\t\t\t\t<\/a>\n\t\t\t\t\t\t\t\t\t<\/div>\n\t\t\t\t\t\t<h4 class=\"uagb-post__title uagb-post__text\">\n\t\t\t\t<a href=\"https:\/\/geced.org\/en\/article-le-cabinet-geced-au-coeur-du-lancement-du-reseau-mondial-adwin\/\" target=\"_self\" rel=\"bookmark noopener noreferrer\">Le Cabinet GECED au c\u0153ur du lancement du r\u00e9seau mondial ADWIN<\/a>\n\t\t\t<\/h4>\n\t\t\t\t\t\t<div class='uagb-post__text uagb-post-grid-byline'>\n\t\t\t\t\t\t\t\t<time datetime=\"2025-06-11T19:46:42+02:00\" class=\"uagb-post__date\">\n\t\t\t\t<span class=\"dashicons-calendar dashicons\"><\/span>\t\t\t\t\t11 June 2025\t\t\t\t<\/time>\n\t\t\t\t\t\t\t<span class=\"uagb-post__comment\">\n\t\t\t\t<span class=\"dashicons-admin-comments dashicons\"><\/span>\t\t\t\t\tNo Comments\t\t\t\t<\/span>\n\t\t\t\t\t\t<\/div>\n\t\t\t\t\t\t\t<div class='uagb-post__text uagb-post__excerpt'>\n\t\t\t\t\t<p>Les 5 et 6 juin 2025, le Cabinet GECED a pris une part active au&#8230;\t\t\t\t<\/div>\n\t\t\t\t\t\t<div class=\"uagb-post__text uagb-post__cta wp-block-button\">\n\t\t\t\t<a class=\"wp-block-button__link uagb-text-link\" style=\"\" href=\"https:\/\/geced.org\/en\/article-le-cabinet-geced-au-coeur-du-lancement-du-reseau-mondial-adwin\/\" target=\"_self\" rel=\"bookmark noopener noreferrer\">Read More<\/a>\n\t\t\t<\/div>\n\t\t\t\n\t\t\t\t\t\t\t\t\t<\/article>\n\t\t\t\t\t\t\t\t\t\t\t\t\t\t\t\t<article class=\"uagb-post__inner-wrap\">\t\t\t\t\t\t\t\t<div class='uagb-post__image'>\n\t\t\t\t\t\t\t\t\t<a href=\"https:\/\/geced.org\/en\/adwin-2025\/\" target=\"_self\" rel=\"bookmark noopener noreferrer\"><img loading=\"lazy\" decoding=\"async\" width=\"1024\" height=\"576\" src=\"https:\/\/geced.org\/wp-content\/uploads\/2025\/05\/VFR-Deck-ADWIN-1_1-1024x576.jpg\" class=\"attachment-large size-large\" alt=\"\" srcset=\"https:\/\/geced.org\/wp-content\/uploads\/2025\/05\/VFR-Deck-ADWIN-1_1-1024x576.jpg 1024w, https:\/\/geced.org\/wp-content\/uploads\/2025\/05\/VFR-Deck-ADWIN-1_1-300x169.jpg 300w, https:\/\/geced.org\/wp-content\/uploads\/2025\/05\/VFR-Deck-ADWIN-1_1-768x432.jpg 768w, https:\/\/geced.org\/wp-content\/uploads\/2025\/05\/VFR-Deck-ADWIN-1_1-1536x864.jpg 1536w, https:\/\/geced.org\/wp-content\/uploads\/2025\/05\/VFR-Deck-ADWIN-1_1-18x10.jpg 18w, https:\/\/geced.org\/wp-content\/uploads\/2025\/05\/VFR-Deck-ADWIN-1_1.jpg 1920w\" sizes=\"auto, (max-width: 1024px) 100vw, 1024px\" \/>\t\t\t\t\t<\/a>\n\t\t\t\t\t\t\t\t\t<\/div>\n\t\t\t\t\t\t<h4 class=\"uagb-post__title uagb-post__text\">\n\t\t\t\t<a href=\"https:\/\/geced.org\/en\/adwin-2025\/\" target=\"_self\" rel=\"bookmark noopener noreferrer\">ADWIN 2025<\/a>\n\t\t\t<\/h4>\n\t\t\t\t\t\t<div class='uagb-post__text uagb-post-grid-byline'>\n\t\t\t\t\t\t\t\t<time datetime=\"2025-05-19T18:31:29+02:00\" class=\"uagb-post__date\">\n\t\t\t\t<span class=\"dashicons-calendar dashicons\"><\/span>\t\t\t\t\t19 May 2025\t\t\t\t<\/time>\n\t\t\t\t\t\t\t<span class=\"uagb-post__comment\">\n\t\t\t\t<span class=\"dashicons-admin-comments dashicons\"><\/span>\t\t\t\t\tNo Comments\t\t\t\t<\/span>\n\t\t\t\t\t\t<\/div>\n\t\t\t\t\t\t\t<div class='uagb-post__text uagb-post__excerpt'>\n\t\t\t\t\t<p>Les 5 et 6 juin prochains \u00e0 Abidjan, au c\u0153ur d\u2019une C\u00f4te d\u2019Ivoire r\u00e9solument engag\u00e9e&#8230;\t\t\t\t<\/div>\n\t\t\t\t\t\t<div class=\"uagb-post__text uagb-post__cta wp-block-button\">\n\t\t\t\t<a class=\"wp-block-button__link uagb-text-link\" style=\"\" href=\"https:\/\/geced.org\/en\/adwin-2025\/\" target=\"_self\" rel=\"bookmark noopener noreferrer\">Read More<\/a>\n\t\t\t<\/div>\n\t\t\t\n\t\t\t\t\t\t\t\t\t<\/article>\n\t\t\t\t\t\t\t\t\t\t\t\t\t\t\t\t<article class=\"uagb-post__inner-wrap\">\t\t\t\t\t\t\t\t<div class='uagb-post__image'>\n\t\t\t\t\t\t\t\t\t<a href=\"https:\/\/geced.org\/en\/lapproche-genre-impact-sur-leducation-et-lemploi\/\" target=\"_self\" rel=\"bookmark noopener noreferrer\"><img loading=\"lazy\" decoding=\"async\" width=\"720\" height=\"404\" src=\"https:\/\/geced.org\/wp-content\/uploads\/2025\/05\/geced.jpg\" class=\"attachment-large size-large\" alt=\"\" srcset=\"https:\/\/geced.org\/wp-content\/uploads\/2025\/05\/geced.jpg 720w, https:\/\/geced.org\/wp-content\/uploads\/2025\/05\/geced-300x168.jpg 300w, https:\/\/geced.org\/wp-content\/uploads\/2025\/05\/geced-18x10.jpg 18w\" sizes=\"auto, (max-width: 720px) 100vw, 720px\" \/>\t\t\t\t\t<\/a>\n\t\t\t\t\t\t\t\t\t<\/div>\n\t\t\t\t\t\t<h4 class=\"uagb-post__title uagb-post__text\">\n\t\t\t\t<a href=\"https:\/\/geced.org\/en\/lapproche-genre-impact-sur-leducation-et-lemploi\/\" target=\"_self\" rel=\"bookmark noopener noreferrer\">L\u2019approche genre, impact sur l&rsquo;\u00e9ducation et l&#8217;emploi<\/a>\n\t\t\t<\/h4>\n\t\t\t\t\t\t<div class='uagb-post__text uagb-post-grid-byline'>\n\t\t\t\t\t\t\t\t<time datetime=\"2025-05-16T12:06:52+02:00\" class=\"uagb-post__date\">\n\t\t\t\t<span class=\"dashicons-calendar dashicons\"><\/span>\t\t\t\t\t16 May 2025\t\t\t\t<\/time>\n\t\t\t\t\t\t\t<span class=\"uagb-post__comment\">\n\t\t\t\t<span class=\"dashicons-admin-comments dashicons\"><\/span>\t\t\t\t\tNo Comments\t\t\t\t<\/span>\n\t\t\t\t\t\t<\/div>\n\t\t\t\t\t\t\t<div class='uagb-post__text uagb-post__excerpt'>\n\t\t\t\t\t<p>Le jeudi 15 mai 2025 \u00e0 Impact Lab sis \u00e0 la Commission de l&rsquo;UNESCO, Mme&#8230;\t\t\t\t<\/div>\n\t\t\t\t\t\t<div class=\"uagb-post__text uagb-post__cta wp-block-button\">\n\t\t\t\t<a class=\"wp-block-button__link uagb-text-link\" style=\"\" href=\"https:\/\/geced.org\/en\/lapproche-genre-impact-sur-leducation-et-lemploi\/\" target=\"_self\" rel=\"bookmark noopener noreferrer\">Read More<\/a>\n\t\t\t<\/div>\n\t\t\t\n\t\t\t\t\t\t\t\t\t<\/article>\n\t\t\t\t\t\t\t\t\t\t\t<\/div>\n\t\t\t\n\n\n<div class=\"wp-block-uagb-container gutenify-section-e2316a10-eb59-11ee-80db-0ba488d12e4e uagb-block-beba704c alignfull uagb-is-root-container gtfy-28\"><div class=\"uagb-container-inner-blocks-wrap\">\n<div class=\"wp-block-columns gutenify-section-46eb0c50-eb59-11ee-80db-0ba488d12e4e is-layout-flex wp-container-core-columns-is-layout-28f84493 wp-block-columns-is-layout-flex gtfy-27\">\n<div class=\"wp-block-column gutenify-section-46bcd060-eb59-11ee-80db-0ba488d12e4e is-layout-flow wp-block-column-is-layout-flow gtfy-18\">\n<div class=\"wp-block-columns gutenify-section-46b667c0-eb59-11ee-80db-0ba488d12e4e is-layout-flex wp-container-core-columns-is-layout-28f84493 wp-block-columns-is-layout-flex gtfy-16\">\n<div class=\"wp-block-column gutenify-section-46b22200-eb59-11ee-80db-0ba488d12e4e is-layout-flow wp-block-column-is-layout-flow gtfy-15\">\n<h2 class=\"wp-block-heading has-text-align-center gutenify-section-46a529b0-eb59-11ee-80db-0ba488d12e4e gtfy-13\"><a href=\"https:\/\/geced.org\/en\/galerie\/\" data-type=\"page\" data-id=\"1458\">PHOTO LIBRARY<\/a><\/h2>\n\n\n\n<hr class=\"wp-block-separator has-text-color has-primary-color has-alpha-channel-opacity has-primary-background-color has-background gutenify-section-46a96f70-eb59-11ee-80db-0ba488d12e4e gtfy-14\" style=\"margin-top:var(--wp--preset--spacing--30);margin-bottom:var(--wp--preset--spacing--30)\"\/>\n<\/div>\n<\/div>\n\n\n<p class=\"gtfy-17\">\r\n\t\t<div class=\"aigpl-gallery aigpl-gallery-wrp aigpl-gallery-grid aigpl-clearfix aigpl-design-1 aigpl-popup-gallery\" id=\"aigpl-gallery-1\">\r\n\r\n\t\t\r\n<div class=\"aigpl-cnt-wrp aigpl-col-3 aigpl-columns aigpl-first\" data-item-index=\"1\">\r\n\t<div class=\"aigpl-inr-wrp\">\r\n\t\t<div class=\"aigpl-img-wrp\" style=\"\">\r\n\r\n\t\t\t\t\t\t\t\t<a class=\"aigpl-img-link\" data-mfp-src=\"https:\/\/geced.org\/wp-content\/uploads\/2024\/06\/Y96A0309-scaled.jpg\" href=\"javascript:void(0);\" target=\"_self\">\r\n\t\t\t\t\t\t<img decoding=\"async\" class=\"aigpl-img\"  src=\"https:\/\/geced.org\/wp-content\/uploads\/2024\/06\/Y96A0309-scaled.jpg\" alt=\"\" \/>\r\n\t\t\t\t\t<\/a>\r\n\t\t\t\t\t\t<\/div>\r\n\r\n\t\t\t<\/div>\r\n<\/div>\r\n<div class=\"aigpl-cnt-wrp aigpl-col-3 aigpl-columns\" data-item-index=\"2\">\r\n\t<div class=\"aigpl-inr-wrp\">\r\n\t\t<div class=\"aigpl-img-wrp\" style=\"\">\r\n\r\n\t\t\t\t\t\t\t\t<a class=\"aigpl-img-link\" data-mfp-src=\"https:\/\/geced.org\/wp-content\/uploads\/2024\/06\/Y96A0051-scaled.jpg\" href=\"javascript:void(0);\" target=\"_self\">\r\n\t\t\t\t\t\t<img decoding=\"async\" class=\"aigpl-img\"  src=\"https:\/\/geced.org\/wp-content\/uploads\/2024\/06\/Y96A0051-scaled.jpg\" alt=\"\" \/>\r\n\t\t\t\t\t<\/a>\r\n\t\t\t\t\t\t<\/div>\r\n\r\n\t\t\t<\/div>\r\n<\/div>\r\n<div class=\"aigpl-cnt-wrp aigpl-col-3 aigpl-columns\" data-item-index=\"3\">\r\n\t<div class=\"aigpl-inr-wrp\">\r\n\t\t<div class=\"aigpl-img-wrp\" style=\"\">\r\n\r\n\t\t\t\t\t\t\t\t<a class=\"aigpl-img-link\" data-mfp-src=\"https:\/\/geced.org\/wp-content\/uploads\/2024\/06\/Y96A0081-scaled.jpg\" href=\"javascript:void(0);\" target=\"_self\">\r\n\t\t\t\t\t\t<img decoding=\"async\" class=\"aigpl-img\"  src=\"https:\/\/geced.org\/wp-content\/uploads\/2024\/06\/Y96A0081-scaled.jpg\" alt=\"\" \/>\r\n\t\t\t\t\t<\/a>\r\n\t\t\t\t\t\t<\/div>\r\n\r\n\t\t\t<\/div>\r\n<\/div>\r\n\t\t<\/div><!-- end .aigpl-gallery-wrp -->\r\n\r\n\t<\/p>\n<\/div>\n\n\n\n<div class=\"wp-block-column gutenify-section-46e714b0-eb59-11ee-80db-0ba488d12e4e is-layout-flow wp-block-column-is-layout-flow gtfy-26\">\n<div class=\"wp-block-columns gutenify-section-46d51350-eb59-11ee-80db-0ba488d12e4e is-layout-flex wp-container-core-columns-is-layout-28f84493 wp-block-columns-is-layout-flex gtfy-23\">\n<div class=\"wp-block-column gutenify-section-46c8b740-eb59-11ee-80db-0ba488d12e4e is-layout-flow wp-block-column-is-layout-flow gtfy-20\">\n<h2 class=\"wp-block-heading gutenify-section-46c3d540-eb59-11ee-80db-0ba488d12e4e has-medium-font-size gtfy-19\">VIDEO LIBRARY<\/h2>\n<\/div>\n\n\n\n<div class=\"wp-block-column gutenify-section-46d0f4a0-eb59-11ee-80db-0ba488d12e4e is-layout-flow wp-block-column-is-layout-flow gtfy-22\">\n<p class=\"gutenify-section-46ccd5f0-eb59-11ee-80db-0ba488d12e4e has-small-font-size gtfy-21\"><a href=\"https:\/\/geced.org\/index.php\/videotheque\/\"><strong>See more videos<\/strong><\/a><\/p>\n<\/div>\n<\/div>\n\n\n\n<hr class=\"wp-block-separator has-text-color has-primary-color has-alpha-channel-opacity has-primary-background-color has-background is-style-wide gutenify-section-46dab8a0-eb59-11ee-80db-0ba488d12e4e gtfy-24\" style=\"margin-top:var(--wp--preset--spacing--20);margin-bottom:var(--wp--preset--spacing--20)\"\/>\n\n\n\n<figure class=\"wp-block-video gtfy-25\"><video height=\"480\" style=\"aspect-ratio: 848 \/ 480;\" width=\"848\" controls src=\"https:\/\/geced.org\/wp-content\/uploads\/2026\/02\/WhatsApp-Video-2026-02-17-at-15.18.37-1.mp4\"><\/video><\/figure>\n<\/div>\n<\/div>\n<\/div><\/div>\n\n\n\n<div class=\"wp-block-uagb-container gutenify-section-87c86ce0-eb59-11ee-80db-0ba488d12e4e uagb-block-c8f689c5 alignfull uagb-is-root-container gtfy-29\"><div class=\"uagb-container-inner-blocks-wrap\"><\/div><\/div>\n<\/div>","protected":false},"excerpt":{"rendered":"<p>ACTUALITES Nos Actualit\u00e9s PHOTOTHEQUE VIDEOTHEQUE Voir plus de vid\u00e9os<\/p>","protected":false},"author":1,"featured_media":0,"parent":0,"menu_order":0,"comment_status":"closed","ping_status":"closed","template":"","meta":{"_uag_custom_page_level_css":"","_monsterinsights_skip_tracking":false,"_monsterinsights_sitenote_active":false,"_monsterinsights_sitenote_note":"","_monsterinsights_sitenote_category":0,"_kadence_starter_templates_imported_post":false,"footnotes":""},"class_list":["post-634","page","type-page","status-publish","hentry"],"uagb_featured_image_src":{"full":false,"thumbnail":false,"medium":false,"medium_large":false,"large":false,"1536x1536":false,"2048x2048":false,"trp-custom-language-flag":false},"uagb_author_info":{"display_name":"geced.org","author_link":"https:\/\/geced.org\/en\/author\/geced-org\/"},"uagb_comment_info":0,"uagb_excerpt":"ACTUALITES Nos Actualit\u00e9s PHOTOTHEQUE VIDEOTHEQUE Voir plus de vid\u00e9os","_links":{"self":[{"href":"https:\/\/geced.org\/en\/wp-json\/wp\/v2\/pages\/634","targetHints":{"allow":["GET"]}}],"collection":[{"href":"https:\/\/geced.org\/en\/wp-json\/wp\/v2\/pages"}],"about":[{"href":"https:\/\/geced.org\/en\/wp-json\/wp\/v2\/types\/page"}],"author":[{"embeddable":true,"href":"https:\/\/geced.org\/en\/wp-json\/wp\/v2\/users\/1"}],"replies":[{"embeddable":true,"href":"https:\/\/geced.org\/en\/wp-json\/wp\/v2\/comments?post=634"}],"version-history":[{"count":24,"href":"https:\/\/geced.org\/en\/wp-json\/wp\/v2\/pages\/634\/revisions"}],"predecessor-version":[{"id":1795,"href":"https:\/\/geced.org\/en\/wp-json\/wp\/v2\/pages\/634\/revisions\/1795"}],"wp:attachment":[{"href":"https:\/\/geced.org\/en\/wp-json\/wp\/v2\/media?parent=634"}],"curies":[{"name":"wp","href":"https:\/\/api.w.org\/{rel}","templated":true}]}}